{"id":2193,"date":"2025-07-15T16:18:40","date_gmt":"2025-07-15T14:18:40","guid":{"rendered":"https:\/\/singuli-air.be\/?page_id=2193"},"modified":"2025-09-01T14:21:55","modified_gmt":"2025-09-01T12:21:55","slug":"qui-suis-je","status":"publish","type":"page","link":"https:\/\/singuli-air.be\/index.php\/qui-suis-je\/","title":{"rendered":"Qui suis-je?"},"content":{"rendered":"\n<p class=\"has-text-align-left has-medium-font-size\"><\/p>\n\n\n\n<div class=\"wp-block-media-text is-stacked-on-mobile\"><figure class=\"wp-block-media-text__media\"><img loading=\"lazy\" decoding=\"async\" width=\"769\" height=\"1024\" src=\"https:\/\/singuli-air.be\/wp-content\/uploads\/2025\/07\/fab-foret-2025-reduite-2-769x1024.jpg\" alt=\"\" class=\"wp-image-2258 size-full\" srcset=\"https:\/\/singuli-air.be\/wp-content\/uploads\/2025\/07\/fab-foret-2025-reduite-2-769x1024.jpg 769w, https:\/\/singuli-air.be\/wp-content\/uploads\/2025\/07\/fab-foret-2025-reduite-2-225x300.jpg 225w, https:\/\/singuli-air.be\/wp-content\/uploads\/2025\/07\/fab-foret-2025-reduite-2-768x1023.jpg 768w, https:\/\/singuli-air.be\/wp-content\/uploads\/2025\/07\/fab-foret-2025-reduite-2.jpg 840w\" sizes=\"auto, (max-width: 769px) 100vw, 769px\" \/><\/figure><div class=\"wp-block-media-text__content\">\n<p><\/p>\n\n\n\n<p><\/p>\n\n\n\n<p><\/p>\n\n\n\n<p><\/p>\n\n\n\n<p><\/p>\n\n\n\n<p>Enseignante de yoga passionn\u00e9e, je transmets le yoga sous la forme Hatha,  Yoga Nidra et Yoga sur chaise.<\/p>\n<\/div><\/div>\n\n\n\n<p><strong>Mon parcours<\/strong> m&rsquo;a permis de me former dans des domaines vari\u00e9s, j&rsquo;ai \u00e0 c\u0153ur d&rsquo;aider chaque personne \u00e0 s&rsquo;\u00e9panouir, \u00e0 retrouver toutes ses ressources int\u00e9rieures pour vivre plus consciemment dans la Paix et la Joie, \u00e0 cheminer int\u00e9rieurement vers un retour progressif \u00e0 sa v\u00e9ritable Nature !<\/p>\n\n\n\n<p>J&rsquo;ai eu la chance de rencontrer des enseignant.e.s inspirant.e.s \u00e0 travers des formations de yoga comme celles de l\u2019EFY Lille, de Vicitra et de Nadanjali, des s\u00e9minaires mensuels de Perfectionnement du Yoga \u00e0 Bruxelles SPYB, qui m&rsquo;ont permis d&rsquo;approfondir ma pratique et d&rsquo;\u00e9largir mes horizons.&nbsp;<\/p>\n\n\n\n<p>En 2001, je d\u00e9bute ma pratique du Yoga \u201cpar hasard\u201d, sur les conseils d&rsquo;une amie, pour contrer les effets d&rsquo;une perte du sommeil. La nuit suivant chaque cours hebdomadaire, \u00e0 Tourpes Sports avec Chantal Kajdanski, je dors d&rsquo;un sommeil r\u00e9cup\u00e9rateur. Apr\u00e8s quelques mois, je r\u00e9cup\u00e8re un sommeil r\u00e9parateur profond.<\/p>\n\n\n\n<p>Voulant comprendre \u201ccomment\u201d la pratique du yoga a pu ainsi m\u2019aider efficacement, je m\u2019inscris \u00e0 l\u2019\u00c9cole Fran\u00e7aise de Yoga, \u00e0 Lille. Les deux premi\u00e8res ann\u00e9es de la formation sont un v\u00e9ritable cadeau : dans un groupe de professeurs et d&rsquo;\u00e9l\u00e8ves motiv\u00e9s, j\u2019y d\u00e9couvre des mati\u00e8res nouvelles telles qu&rsquo;anatomie, \u00e9tude des textes fondamentaux du yoga, ateliers de connaissance de soi et trois lign\u00e9es de yoga ayant toutes trois des approches essentielles et compl\u00e9mentaires : le yoga selon Karlfried Graf Durckheim, le yoga de l\u2019Energie et la lign\u00e9e Nil Hahoutoff que je choisis pour les deux derni\u00e8res ann\u00e9es du cursus. Le yoga de Nil Hahoutoff est ainsi nomm\u00e9 parce que Nil Hahoutoff, fran\u00e7ais d\u2019origine russe, a transmis l\u2019enseignement du yoga qu\u2019il a re\u00e7u de son instructeur, un indien du nord rencontr\u00e9 en France, Hiran Moy Chandra Gosh. Cette \u201clign\u00e9e\u201d se caract\u00e9rise &#8211; entre autres &#8211; par un travail postural invitant \u00e0 laisser le souffle s\u2019exprimer, afin que puisse advenir une dimension plus essentielle de notre \u00catre. Nil Hahoutoff a notamment form\u00e9 Patrick Tomatis, qui a lui-m\u00eame form\u00e9 Laura Giovanella, qui a \u00e9t\u00e9 mon enseignante r\u00e9f\u00e9rente \u00e0 l\u2019EFY.  Ce cursus de 4 ans, soit 780h, est r\u00e9compens\u00e9 d&rsquo;un dipl\u00f4me en 2016. Chemin faisant, l\u2019id\u00e9e de donner cours s\u2019impose. Malgr\u00e9 la r\u00e9ussite des tests pratiques et du m\u00e9moire, je prends conscience, en donnant cours, que la formation semble r\u00e9ellement commencer. \u201cC\u2019est en forgeant qu\u2019on devient forgeron\u201d.<\/p>\n\n\n\n<p>En 2018, je m\u2019inscris \u00e0 la post-formation \u00e0 l\u2019enseignement du yoga de Marc Beuvain, \u00e0 Bruxelles, o\u00f9 il inaugure un nouveau centre, Vicitra. En quatre semaines r\u00e9parties sur une ann\u00e9e soit 200h, je progresse dans mes connaissances d\u2019un yoga traditionnel et vivant, je me perfectionne et d\u00e9veloppe ma cr\u00e9ativit\u00e9. Marc Beuvain s&rsquo;est form\u00e9 directement aupr\u00e8s de T.K.V. Desikachar, fils de l\u2019\u00e9minent Sri T. Krishnamacharya, consid\u00e9r\u00e9 comme le p\u00e8re du Yoga moderne, lequel a form\u00e9 les plus grands noms du yoga et a permis la diffusion d\u2019un yoga la\u00efque et th\u00e9rapeutique dans le monde entier.&nbsp;<\/p>\n\n\n\n<p>En 2020 et 2022, je m&rsquo;inscris \u00e0 la semaine Yoga &amp; Toumo de l&rsquo;\u00e9cole Nadanjali de Benjamin Bernard, j&rsquo;y d\u00e9couvre et exp\u00e9rimente diff\u00e9rentes techniques de psycho-thermogen\u00e8se issues du yoga, notamment le tapas (ardeur, chaleur) de mani\u00e8re \u00e0 assurer une adaptation de l&rsquo;organisme aux temp\u00e9ratures ext\u00e9rieures des mois de f\u00e9vrier et mars, aux H\u00f4pitaux-Neufs dans le Jura.<\/p>\n\n\n\n<p>En 2022, stage yoga et d\u00e9tox aupr\u00e8s de Jessie Laverton, une personne inspirante qui nous accompagne \u00e0 travers la d\u00e9tox respectueuse et le je\u00fbne en douceur, vers plus de connexion et de respect au vivant en nous. <a href=\"https:\/\/www.integraldetox.com\/?fbclid=IwAR0t-dFLsgETZOALs1PxVimQU-SYC6fcBtP-Cs6gF97yDkUp5pLLGLvLIhs\" target=\"_blank\" rel=\"noreferrer noopener\">https:\/\/www.integraldetox.com<\/a><\/p>\n\n\n\n<p>En 2023, week-end de yogath\u00e9rapie de Marc Beuvain, j&rsquo;y consolide mes acquis et apprends de nouveaux outils de lib\u00e9ration des m\u00e9moires. <a href=\"https:\/\/www.vicitra.yoga\/cartflows_step\/inscription-stage-therapie-belgique-decembre-2023\/\">https:\/\/www.vicitra.yoga\/cartflows_step\/inscription-stage-therapie-belgique-decembre-2023\/<\/a><\/p>\n\n\n\n<p>En 2024, s\u00e9jour \u00ab\u00a0Calme et int\u00e9riorit\u00e9\u00a0\u00bb avec Agn\u00e8s Huybens et Dominique Lefebvre, \u00e0 la rencontre de mon essence profonde, un voyage int\u00e9rieur, le silence abbatial, les nombreuses propositions comme \u00ab\u00a0des coups de hache pour briser la mer gel\u00e9e en nous\u00a0\u00bb, des connexions de c\u0153ur \u00e0 c\u0153ur, les liens d&rsquo;amiti\u00e9 partag\u00e9s, la bienveillance, la confiance, la cr\u00e9ativit\u00e9, l&rsquo;Amour <a href=\"https:\/\/www.soinshuybens.com\">https:\/\/www.soinshuybens.com<\/a><\/p>\n\n\n\n<p>En 2025, formation en pr\u00e9sentiel \u00e0 l&rsquo;Acad\u00e9mie pour l&rsquo;Harmonie Respiratoire de Didier Godart, j&rsquo;y approfondis mes connaissances en anatomie, m\u00e9canique et chimie respiratoire, j&rsquo;y d\u00e9veloppe des techniques respiratoires et apprends \u00e0 concevoir et orchestrer des \u00ab\u00a0voyages\u00a0\u00bb respiratoires. <a href=\"https:\/\/balanceindiscomfortproject.weebly.com\/acadeacutemie-respiratoire.html\">https:\/\/balanceindiscomfortproject.weebly.com\/acadeacutemie-respiratoire.html<\/a><\/p>\n\n\n\n<p>Un grand MERCI \u00e0 tous ces enseignant.e.s, vous \u00eates si important.e.s dans mon chemin de yoga et d\u2019\u00e9volution personnelle. Le yoga m&rsquo;am\u00e8ne \u00e0 semer la bont\u00e9, la beaut\u00e9 et l&rsquo;harmonie dans la vie des autres, tout en cultivant en moi-m\u00eame ces valeurs essentielles. \u00c0 travers chaque s\u00e9ance, j&rsquo;esp\u00e8re offrir un espace de centrage, de respect des capacit\u00e9s et des limites du corps et d&rsquo;\u00e9panouissement.<\/p>\n\n\n\n<p>Un grand MERCI \u00e0 chaque \u00e9l\u00e8ve, pour votre pr\u00e9sence attentive et respectueuse. C&rsquo;est un plaisir de vous regarder vous transformer, vous redresser, vous aimer.<\/p>\n\n\n\n<hr class=\"wp-block-separator has-alpha-channel-opacity is-style-dots\"\/>\n\n\n\n<p>Je re\u00e7ois ce site internet en guise de cadeau d&rsquo;anniversaire de la part de mes enfants. En 2017, je pr\u00e9pare un p\u00e8lerinage vers Saint-Jacques de Compostelle. Au d\u00e9part de la maison, c&rsquo;est environ 2000 km, soit \u00e0 pied une p\u00e9riode d&rsquo;au moins 3 mois. Afin de partager mon aventure, je commence \u00e0 \u00e9crire des articles relatant ma pr\u00e9paration, puis les \u00e9tapes les unes apr\u00e8s les autres, les rencontres et je me prends au jeu. Myl\u00e8ne m&rsquo;aide \u00e9norm\u00e9ment. Le r\u00e9sultat est encore accessible <a href=\"https:\/\/singuli-air.be\/index.php\/pelerinage\/\" target=\"_blank\" rel=\"noreferrer noopener\">ici<\/a>.<\/p>\n\n\n\n<p>Je suis apicultrice, j&rsquo;ai \u00e9lev\u00e9 jusqu&rsquo;\u00e0 5 ruches et donn\u00e9 cours dans diff\u00e9rents ruchers-\u00e9coles. Je garde un vif int\u00e9r\u00eat pour les abeilles, l&rsquo;environnement et la flore apicole qui sont essentiels \u00e0 leur survie. Il y a quelques ann\u00e9es, j&rsquo;ai transmis mes ruches au mari de ma fille qui s&rsquo;en occupe avec c\u0153ur et efficacit\u00e9.<\/p>\n\n\n\n<p>Je suis vanni\u00e8re, pour le plaisir ! <\/p>\n\n\n\n<p>Enfin, je d\u00e9veloppe au fur et \u00e0 mesure une autre exp\u00e9rience, l&rsquo;\u00e9criture, la mise en images et en pages de ce site depuis ao\u00fbt 2023. Mon envie est de manifester l&rsquo;int\u00e9r\u00eat croissant que je porte \u00e0 la pratique et \u00e0 la transmission de mes passions.<\/p>\n\n\n\n<hr class=\"wp-block-separator has-alpha-channel-opacity is-style-dots\"\/>\n","protected":false},"excerpt":{"rendered":"<p>Enseignante de yoga passionn\u00e9e, je transmets le yoga sous la forme Hatha, Yoga Nidra et Yoga sur chaise. Mon parcours m&rsquo;a permis de me former dans des domaines vari\u00e9s, j&rsquo;ai \u00e0 c\u0153ur d&rsquo;aider chaque personne \u00e0 s&rsquo;\u00e9panouir, \u00e0 retrouver toutes ses ressources int\u00e9rieures pour vivre plus consciemment dans la Paix et la Joie, \u00e0 cheminer [&hellip;]<\/p>\n","protected":false},"author":2,"featured_media":0,"parent":0,"menu_order":0,"comment_status":"closed","ping_status":"closed","template":"","meta":{"footnotes":""},"class_list":["post-2193","page","type-page","status-publish","hentry"],"_links":{"self":[{"href":"https:\/\/singuli-air.be\/index.php\/wp-json\/wp\/v2\/pages\/2193","targetHints":{"allow":["GET"]}}],"collection":[{"href":"https:\/\/singuli-air.be\/index.php\/wp-json\/wp\/v2\/pages"}],"about":[{"href":"https:\/\/singuli-air.be\/index.php\/wp-json\/wp\/v2\/types\/page"}],"author":[{"embeddable":true,"href":"https:\/\/singuli-air.be\/index.php\/wp-json\/wp\/v2\/users\/2"}],"replies":[{"embeddable":true,"href":"https:\/\/singuli-air.be\/index.php\/wp-json\/wp\/v2\/comments?post=2193"}],"version-history":[{"count":16,"href":"https:\/\/singuli-air.be\/index.php\/wp-json\/wp\/v2\/pages\/2193\/revisions"}],"predecessor-version":[{"id":2407,"href":"https:\/\/singuli-air.be\/index.php\/wp-json\/wp\/v2\/pages\/2193\/revisions\/2407"}],"wp:attachment":[{"href":"https:\/\/singuli-air.be\/index.php\/wp-json\/wp\/v2\/media?parent=2193"}],"curies":[{"name":"wp","href":"https:\/\/api.w.org\/{rel}","templated":true}]}}