{"id":1145,"date":"2023-08-18T09:14:05","date_gmt":"2023-08-18T07:14:05","guid":{"rendered":"https:\/\/singuli-air.be\/?page_id=1145"},"modified":"2024-06-06T13:04:35","modified_gmt":"2024-06-06T11:04:35","slug":"terre-tendre","status":"publish","type":"page","link":"https:\/\/singuli-air.be\/index.php\/terre-tendre\/","title":{"rendered":"Terre tendre"},"content":{"rendered":"\n<p>Ce qui m\u2019anime \u00e0 transmettre le yoga, c\u2019est tout simple. Cette discipline que je pratique depuis 2010 m\u2019aide au quotidien \u00e0 pr\u00e9server ma sant\u00e9 et l\u2019am\u00e9liorer, me sentir bien ou mieux, me d\u00e9tendre, r\u00e9duire mon stress, bien dormir, devenir plus souple, mieux respirer, aller \u00e0 la rencontre de mon \u00eatre int\u00e9rieur, autant de raisons pour lesquelles je cr\u00e9e des moments pr\u00e9cieux de reconnexion \u00e0 Soi, de plusieurs mani\u00e8res.<\/p>\n\n\n\n<p>J&rsquo;enseigne le yoga depuis 2015 en <strong><a href=\"https:\/\/singuli-air.be\/index.php\/cours-collectifs\/\" data-type=\"page\" data-id=\"1198\">cours collectifs<\/a><\/strong> ou <strong><a href=\"https:\/\/singuli-air.be\/index.php\/cours-individuels\/\" data-type=\"page\" data-id=\"931\">individuels<\/a><\/strong> \u00e0 diff\u00e9rents publics.<\/p>\n\n\n\n<p>Le yoga peut apporter de multiples avanc\u00e9es pour tous, tant par le recentrage de la personne sur ses priorit\u00e9s que l&rsquo;\u00e9coute du corps en favorisant la <strong>respiration<\/strong>, la <strong>d\u00e9tente <\/strong>et la <strong>musculation<\/strong>. Il permet un <strong>apaisement <\/strong>des \u00e9motions.<\/p>\n\n\n\n<h2 class=\"wp-block-heading\">Qu&rsquo;est ce que le yoga ?<\/h2>\n\n\n\n<p>Cette discipline mill\u00e9naire ne r\u00e9clame aucun pr\u00e9-requis puisqu\u2019elle est adaptable \u00e0 tous, quel que soit son \u00e2ge ou sa souplesse, et contribue \u00e0 garder <strong>un esprit serein dans un corps sain.<\/strong>\u200c<br><br>Lors des pratiques, la posture n&rsquo;est pas une fin en soi. Ce qui compte le plus est d&rsquo;explorer ce qui se passe en nous dans la posture. La posture n&rsquo;est rien d&rsquo;autre qu&rsquo;un pr\u00e9texte \u00e0 l&rsquo;approfondissement de la connaissance de soi.<br><br>Il est r\u00e9ducteur de d\u00e9finir le Yoga en tant qu&rsquo;activit\u00e9 physique. M\u00eame s&rsquo;il est vrai que le corps est mis en mouvement lors de la s\u00e9ance de Yoga, le corps ne devrait pas accaparer toute notre attention mais plut\u00f4t \u00eatre consid\u00e9r\u00e9 comme un vecteur nous permettant d&rsquo;acc\u00e9der \u00e0 une dimension plus subtile de nous-m\u00eames. Nous sommes bien plus que notre simple enveloppe corporelle. Il est donc fondamental de cultiver de la <strong>bienveillance <\/strong>et du <strong>respect pour nous-m\u00eame<\/strong> face \u00e0 nos propres limites et difficult\u00e9s en acceptant ce que nous sommes au moment o\u00f9 nous pratiquons ainsi qu&rsquo;\u00e0 tout moment de notre vie. Au lieu d&rsquo;\u00e9prouver de l&rsquo;insatisfaction ou de l&rsquo;irritation face \u00e0 nos impossibilit\u00e9s, ressentons plut\u00f4t de la gratitude et de la reconnaissance pour nos possibilit\u00e9s et nos potentiels.<\/p>\n\n\n<div class=\"wp-block-image\">\n<figure class=\"aligncenter size-full\"><img loading=\"lazy\" decoding=\"async\" width=\"250\" height=\"250\" src=\"http:\/\/singuli-air.be\/wp-content\/uploads\/2024\/06\/LogoCercleBlancx250.png\" alt=\"\" class=\"wp-image-1764\" srcset=\"https:\/\/singuli-air.be\/wp-content\/uploads\/2024\/06\/LogoCercleBlancx250.png 250w, https:\/\/singuli-air.be\/wp-content\/uploads\/2024\/06\/LogoCercleBlancx250-150x150.png 150w\" sizes=\"auto, (max-width: 250px) 100vw, 250px\" \/><\/figure><\/div>\n\n\n<hr class=\"wp-block-separator has-alpha-channel-opacity\"\/>\n\n\n\n<figure class=\"wp-block-image size-large is-resized\"><img loading=\"lazy\" decoding=\"async\" width=\"661\" height=\"1024\" src=\"http:\/\/singuli-air.be\/wp-content\/uploads\/2023\/08\/BodyOnYoga_FRENCH-661x1024.png\" alt=\"\" class=\"wp-image-1214\" style=\"aspect-ratio:0.645412130637636;width:635px;height:auto\" srcset=\"https:\/\/singuli-air.be\/wp-content\/uploads\/2023\/08\/BodyOnYoga_FRENCH-661x1024.png 661w, https:\/\/singuli-air.be\/wp-content\/uploads\/2023\/08\/BodyOnYoga_FRENCH-194x300.png 194w, https:\/\/singuli-air.be\/wp-content\/uploads\/2023\/08\/BodyOnYoga_FRENCH-768x1190.png 768w, https:\/\/singuli-air.be\/wp-content\/uploads\/2023\/08\/BodyOnYoga_FRENCH.png 929w\" sizes=\"auto, (max-width: 661px) 100vw, 661px\" \/><\/figure>\n\n\n<ul class=\"wp-block-latest-posts__list has-dates wp-block-latest-posts\"><li><a class=\"wp-block-latest-posts__post-title\" href=\"https:\/\/singuli-air.be\/index.php\/2026\/01\/10\/y-o-g-a-n-i-d-r-a\/\">Yoga Nidra<\/a><time datetime=\"2026-01-10T18:13:22+01:00\" class=\"wp-block-latest-posts__post-date\">10 janvier 2026<\/time><div class=\"wp-block-latest-posts__post-excerpt\">Qu&rsquo;est-ce que le Yoga Nidra ? Le Yoga Nidra est une technique indienne de relaxation profonde, entre veille et sommeil.Le corps repose compl\u00e8tement et l&rsquo;esprit reste \u00e9veill\u00e9. Traduction : le sommeil du yoga. Cette forme singuli\u00e8re de yoga cherche \u00e0 conjuguer la relaxation profonde et la conscience attentive afin d&rsquo;investiguer consciemment les \u00e9tats de veille,\u2026 <a class=\"wp-block-latest-posts__read-more\" href=\"https:\/\/singuli-air.be\/index.php\/2026\/01\/10\/y-o-g-a-n-i-d-r-a\/\" rel=\"noopener noreferrer\">Lire la suite<span class=\"screen-reader-text\">\u00a0: Yoga Nidra<\/span><\/a><\/div><\/li>\n<li><div class=\"wp-block-latest-posts__featured-image\"><img loading=\"lazy\" decoding=\"async\" width=\"150\" height=\"150\" src=\"https:\/\/singuli-air.be\/wp-content\/uploads\/2025\/02\/473190940_3717956548350973_3147626569669982420_n-150x150.jpg\" class=\"attachment-thumbnail size-thumbnail wp-post-image\" alt=\"\" style=\"\" \/><\/div><a class=\"wp-block-latest-posts__post-title\" href=\"https:\/\/singuli-air.be\/index.php\/2025\/02\/06\/chanter-le-son-aum-om\/\">Chanter le son \u0950 [AUM] OM<\/a><time datetime=\"2025-02-06T17:35:00+01:00\" class=\"wp-block-latest-posts__post-date\">6 f\u00e9vrier 2025<\/time><div class=\"wp-block-latest-posts__post-excerpt\">Le son \u00e9merge toujours du silence et le son retourne toujours dans le silence. [AUM] ou OM est un vocable unique; le prononcer r\u00e9guli\u00e8rement, loin de constituer une pratique absurde ou vaine, apporte beaucoup d&rsquo;avantages aussi bien sur le plan physique que mental. Nous le chantons ensemble lors de chaque s\u00e9ance de yoga. Comme d&rsquo;autres\u2026 <a class=\"wp-block-latest-posts__read-more\" href=\"https:\/\/singuli-air.be\/index.php\/2025\/02\/06\/chanter-le-son-aum-om\/\" rel=\"noopener noreferrer\">Lire la suite<span class=\"screen-reader-text\">\u00a0: Chanter le son \u0950 [AUM] OM<\/span><\/a><\/div><\/li>\n<li><a class=\"wp-block-latest-posts__post-title\" href=\"https:\/\/singuli-air.be\/index.php\/2024\/11\/03\/samedi-12-avril-2025\/\">Samedi 12 avril 2025<\/a><time datetime=\"2024-11-03T12:13:45+01:00\" class=\"wp-block-latest-posts__post-date\">3 novembre 2024<\/time><div class=\"wp-block-latest-posts__post-excerpt\">Inscriptions cl\u00f4tur\u00e9es En premi\u00e8re partie de cet atelier, nous aborderons les bases du f\u00e9minin sacr\u00e9. Nous rechercherons la part de f\u00e9minit\u00e9 et de masculinit\u00e9 en nous. Nous r\u00e9fl\u00e9chirons \u00e0 ce qui fait notre f\u00e9minit\u00e9 physique et psychique. Nous verrons comment f\u00eater l&rsquo;\u00e9tat d&rsquo;\u00eatre une femme aux diff\u00e9rentes phases de la vie et lib\u00e9rer la force\u2026 <a class=\"wp-block-latest-posts__read-more\" href=\"https:\/\/singuli-air.be\/index.php\/2024\/11\/03\/samedi-12-avril-2025\/\" rel=\"noopener noreferrer\">Lire la suite<span class=\"screen-reader-text\">\u00a0: Samedi 12 avril 2025<\/span><\/a><\/div><\/li>\n<li><a class=\"wp-block-latest-posts__post-title\" href=\"https:\/\/singuli-air.be\/index.php\/2024\/11\/03\/samedi-22-mars-2025\/\">Samedi 22 mars 2025<\/a><time datetime=\"2024-11-03T12:13:11+01:00\" class=\"wp-block-latest-posts__post-date\">3 novembre 2024<\/time><div class=\"wp-block-latest-posts__post-excerpt\">Au cours de la premi\u00e8re partie de cet atelier, nous nous int\u00e9resserons aux probl\u00e8mes et troubles de la f\u00e9minit\u00e9 aux diff\u00e9rents \u00e2ges de la vie : de la m\u00e9narche \u00e0 la m\u00e9nopause en passant par la grossesse et le post-partum. Nous verrons que faire quand cela tourne carr\u00e9. Nous vous proposerons quelques pistes pour am\u00e9liorer\u2026 <a class=\"wp-block-latest-posts__read-more\" href=\"https:\/\/singuli-air.be\/index.php\/2024\/11\/03\/samedi-22-mars-2025\/\" rel=\"noopener noreferrer\">Lire la suite<span class=\"screen-reader-text\">\u00a0: Samedi 22 mars 2025<\/span><\/a><\/div><\/li>\n<li><a class=\"wp-block-latest-posts__post-title\" href=\"https:\/\/singuli-air.be\/index.php\/2024\/11\/03\/samedi-22-fevrier-2025\/\">Samedi 22 f\u00e9vrier 2025<\/a><time datetime=\"2024-11-03T12:12:21+01:00\" class=\"wp-block-latest-posts__post-date\">3 novembre 2024<\/time><div class=\"wp-block-latest-posts__post-excerpt\">Dans cet atelier, en premi\u00e8re partie, nous aborderons la physiologie du sommeil. Nous verrons \u00e9galement les diff\u00e9rents types de stress et le retentissement de ceux-ci sur la sant\u00e9 et les troubles du cycle. Nous verrons comment g\u00e9rer les troubles du sommeil. Nous aborderons quelques pistes pour transformer nos stress n\u00e9gatifs en stress positifs. Apr\u00e8s la\u2026 <a class=\"wp-block-latest-posts__read-more\" href=\"https:\/\/singuli-air.be\/index.php\/2024\/11\/03\/samedi-22-fevrier-2025\/\" rel=\"noopener noreferrer\">Lire la suite<span class=\"screen-reader-text\">\u00a0: Samedi 22 f\u00e9vrier 2025<\/span><\/a><\/div><\/li>\n<\/ul>","protected":false},"excerpt":{"rendered":"<p>Ce qui m\u2019anime \u00e0 transmettre le yoga, c\u2019est tout simple. Cette discipline que je pratique depuis 2010 m\u2019aide au quotidien \u00e0 pr\u00e9server ma sant\u00e9 et l\u2019am\u00e9liorer, me sentir bien ou mieux, me d\u00e9tendre, r\u00e9duire mon stress, bien dormir, devenir plus souple, mieux respirer, aller \u00e0 la rencontre de mon \u00eatre int\u00e9rieur, autant de raisons pour [&hellip;]<\/p>\n","protected":false},"author":1,"featured_media":0,"parent":0,"menu_order":0,"comment_status":"closed","ping_status":"closed","template":"","meta":{"footnotes":""},"class_list":["post-1145","page","type-page","status-publish","hentry"],"_links":{"self":[{"href":"https:\/\/singuli-air.be\/index.php\/wp-json\/wp\/v2\/pages\/1145","targetHints":{"allow":["GET"]}}],"collection":[{"href":"https:\/\/singuli-air.be\/index.php\/wp-json\/wp\/v2\/pages"}],"about":[{"href":"https:\/\/singuli-air.be\/index.php\/wp-json\/wp\/v2\/types\/page"}],"author":[{"embeddable":true,"href":"https:\/\/singuli-air.be\/index.php\/wp-json\/wp\/v2\/users\/1"}],"replies":[{"embeddable":true,"href":"https:\/\/singuli-air.be\/index.php\/wp-json\/wp\/v2\/comments?post=1145"}],"version-history":[{"count":14,"href":"https:\/\/singuli-air.be\/index.php\/wp-json\/wp\/v2\/pages\/1145\/revisions"}],"predecessor-version":[{"id":1766,"href":"https:\/\/singuli-air.be\/index.php\/wp-json\/wp\/v2\/pages\/1145\/revisions\/1766"}],"wp:attachment":[{"href":"https:\/\/singuli-air.be\/index.php\/wp-json\/wp\/v2\/media?parent=1145"}],"curies":[{"name":"wp","href":"https:\/\/api.w.org\/{rel}","templated":true}]}}